{"id":7909,"date":"2020-11-04T17:32:05","date_gmt":"2020-11-04T17:32:07","guid":{"rendered":"https:\/\/www.imaxesdaterra.com\/?post_type=product&#038;p=7909"},"modified":"2022-03-03T17:04:12","modified_gmt":"2022-03-03T17:04:12","slug":"carballo-da-santa","status":"publish","type":"product","link":"https:\/\/www.imaxesdaterra.com\/gl\/tenda\/carballo-da-santa\/","title":{"rendered":"Carballo da Santa"},"content":{"rendered":"<p>Fotograf\u00eda creativa dentro da serie &#8220;Pequenos Planetas&#8221;, \u00a0creada nunha das contornas m\u00e1is m\u00e1xicas de Galicia, coa tumba de Santa Mari\u00f1a (Allariz-Ourense) aos p\u00e9s dun fermoso carballo.<\/p>\n<p>As fotograf\u00edas planetarias son unha nova forma de expresi\u00f3n fotogr\u00e1fica moderna, que est\u00e1n baseadas na descomposici\u00f3n dunha fotograf\u00eda esf\u00e9rica, e a s\u00faa visi\u00f3n como un pequeno planeta.<\/p>\n<hr \/>\n<p class=\"p1\"><strong>Pedidos<\/strong><\/p>\n<p class=\"p1\">1. Selecciona o tama\u00f1o desexado.<\/p>\n<p class=\"p1\">2. Revisa os detalles dos soportes &gt;&gt;\u00a0 <a href=\"http:\/\/www.imaxesdaterra.com\/gal\/soportes\/\" target=\"_blank\" rel=\"noopener noreferrer\"><span class=\"s1\">VER SOPORTES<\/span><\/a><\/p>\n<p class=\"p1\">3. Selecciona o soporte que m\u00e1is che guste.<\/p>\n<p class=\"p1\">4. Selecciona a cantidade.<\/p>\n<p class=\"p1\">5. Engadir ao carri\u00f1o.<\/p>\n<p class=\"p1\"><strong>Transporte<\/strong><\/p>\n<p class=\"p1\">Revisa os detalles de transporte e impostos &gt;&gt; <a href=\"http:\/\/www.imaxesdaterra.com\/gal\/transporte\/\" target=\"_blank\" rel=\"noopener noreferrer\"><span class=\"s1\">VER TRANSPORTE<\/span><\/a><\/p>\n<p class=\"p1\">\n","protected":false},"excerpt":{"rendered":"<p>Fotograf\u00eda creativa dentro da serie &#8220;Pequenos Planetas&#8221;, \u00a0creada nunha das contornas m\u00e1is m\u00e1xicas de Galicia, coa tumba de Santa Mari\u00f1a (Allariz-Ourense) aos p\u00e9s dun fermoso carballo. As fotograf\u00edas planetarias son unha nova forma de expresi\u00f3n fotogr\u00e1fica moderna, que est\u00e1n baseadas na descomposici\u00f3n dunha fotograf\u00eda esf\u00e9rica, e a s\u00faa visi\u00f3n como un pequeno planeta. Pedidos 1. [&hellip;]<\/p>\n","protected":false},"featured_media":10504,"comment_status":"closed","ping_status":"closed","template":"","meta":{"jetpack_post_was_ever_published":false,"jetpack_publicize_message":"","jetpack_is_tweetstorm":false,"jetpack_publicize_feature_enabled":true,"jetpack_social_post_already_shared":true,"jetpack_social_options":{"image_generator_settings":{"template":"highway","enabled":false}}},"product_cat":[144,140,1306],"product_tag":[128,155],"jetpack_publicize_connections":[],"jetpack_sharing_enabled":true,"_links":{"self":[{"href":"https:\/\/www.imaxesdaterra.com\/gl\/wp-json\/wp\/v2\/product\/7909"}],"collection":[{"href":"https:\/\/www.imaxesdaterra.com\/gl\/wp-json\/wp\/v2\/product"}],"about":[{"href":"https:\/\/www.imaxesdaterra.com\/gl\/wp-json\/wp\/v2\/types\/product"}],"replies":[{"embeddable":true,"href":"https:\/\/www.imaxesdaterra.com\/gl\/wp-json\/wp\/v2\/comments?post=7909"}],"wp:featuredmedia":[{"embeddable":true,"href":"https:\/\/www.imaxesdaterra.com\/gl\/wp-json\/wp\/v2\/media\/10504"}],"wp:attachment":[{"href":"https:\/\/www.imaxesdaterra.com\/gl\/wp-json\/wp\/v2\/media?parent=7909"}],"wp:term":[{"taxonomy":"product_cat","embeddable":true,"href":"https:\/\/www.imaxesdaterra.com\/gl\/wp-json\/wp\/v2\/product_cat?post=7909"},{"taxonomy":"product_tag","embeddable":true,"href":"https:\/\/www.imaxesdaterra.com\/gl\/wp-json\/wp\/v2\/product_tag?post=7909"}],"curies":[{"name":"wp","href":"https:\/\/api.w.org\/{rel}","templated":true}]}}