{"id":5883,"date":"2017-11-16T14:27:44","date_gmt":"2017-11-16T14:27:44","guid":{"rendered":"https:\/\/www.imaxesdaterra.com\/tienda\/marina-coruna\/"},"modified":"2022-03-03T17:05:15","modified_gmt":"2022-03-03T17:05:15","slug":"marina-coruna","status":"publish","type":"product","link":"https:\/\/www.imaxesdaterra.com\/gl\/tenda\/marina-coruna\/","title":{"rendered":"Marina Coru\u00f1a"},"content":{"rendered":"<p>Vai caendo a noite na Coru\u00f1a sobre o porto deportivo. A Mari\u00f1a en calma e as galer\u00edas de fondo coas s\u00faas luces van ilumin\u00e1ndoo todo como ouro l\u00edquido sobre o mar. Os barcos cos seus picos elevados cara ao ceo, m\u00f3vense tranquilos ao son da corrente e as luces sobre a auga parecen danzar coa mesma melod\u00eda a tempo que vai chegando a noite.<\/p>\n<p>Fotograf\u00eda das fachadas das galer\u00edas e n\u00e1utico na Coru\u00f1a. Unha panor\u00e1mica que abarca toda a extensi\u00f3n de naves que descansan neste porto deportivo despois dun d\u00eda de navegaci\u00f3n e que coa luz das galer\u00edas, ofrecen un espect\u00e1culo visual que realza as cores e d\u00e1 vida \u00e1 calma.<\/p>\n<hr \/>\n<p class=\"p1\"><strong>Pedidos<\/strong><\/p>\n<p class=\"p1\">1. Selecciona o tama\u00f1o desexado.<\/p>\n<p class=\"p1\">2. Revisa os detalles dos soportes >>\u00a0 <span style=\"color: #33cccc;\"><a style=\"color: #33cccc;\" href=\"https:\/\/www.imaxesdaterra.com\/gal\/soportes\/\" target=\"_blank\" rel=\"noopener noreferrer\"><span class=\"s1\">VER SOPORTES<\/span><\/a><\/span><\/p>\n<p class=\"p1\">3. Selecciona o soporte que m\u00e1is che guste.<\/p>\n<p class=\"p1\">4. Selecciona a cantidade.<\/p>\n<p class=\"p1\">5. Engadir ao carri\u00f1o.<\/p>\n<p class=\"p1\"><strong>Transporte<\/strong><\/p>\n<p class=\"p1\">Revisa os detalles de transporte e impostos. >>\u00a0<span style=\"color: #33cccc;\"><a style=\"color: #33cccc;\" href=\"https:\/\/www.imaxesdaterra.com\/gal\/transporte\/\" target=\"_blank\" rel=\"noopener noreferrer\"><span class=\"s1\">VER TRANSPORTE<\/span><\/a><\/span><\/p>\n","protected":false},"excerpt":{"rendered":"<p>Vai caendo a noite na Coru\u00f1a sobre o porto deportivo. A Mari\u00f1a en calma e as galer\u00edas de fondo coas s\u00faas luces van ilumin\u00e1ndoo todo como ouro l\u00edquido sobre o mar. Os barcos cos seus picos elevados cara ao ceo, m\u00f3vense tranquilos ao son da corrente e as luces sobre a auga parecen danzar coa [&hellip;]<\/p>\n","protected":false},"featured_media":12330,"comment_status":"closed","ping_status":"closed","template":"","meta":{"jetpack_post_was_ever_published":false,"jetpack_publicize_message":"","jetpack_is_tweetstorm":false,"jetpack_publicize_feature_enabled":true,"jetpack_social_post_already_shared":true,"jetpack_social_options":{"image_generator_settings":{"template":"highway","enabled":false}}},"product_cat":[146],"product_tag":[127,128],"jetpack_publicize_connections":[],"jetpack_sharing_enabled":true,"_links":{"self":[{"href":"https:\/\/www.imaxesdaterra.com\/gl\/wp-json\/wp\/v2\/product\/5883"}],"collection":[{"href":"https:\/\/www.imaxesdaterra.com\/gl\/wp-json\/wp\/v2\/product"}],"about":[{"href":"https:\/\/www.imaxesdaterra.com\/gl\/wp-json\/wp\/v2\/types\/product"}],"replies":[{"embeddable":true,"href":"https:\/\/www.imaxesdaterra.com\/gl\/wp-json\/wp\/v2\/comments?post=5883"}],"wp:featuredmedia":[{"embeddable":true,"href":"https:\/\/www.imaxesdaterra.com\/gl\/wp-json\/wp\/v2\/media\/12330"}],"wp:attachment":[{"href":"https:\/\/www.imaxesdaterra.com\/gl\/wp-json\/wp\/v2\/media?parent=5883"}],"wp:term":[{"taxonomy":"product_cat","embeddable":true,"href":"https:\/\/www.imaxesdaterra.com\/gl\/wp-json\/wp\/v2\/product_cat?post=5883"},{"taxonomy":"product_tag","embeddable":true,"href":"https:\/\/www.imaxesdaterra.com\/gl\/wp-json\/wp\/v2\/product_tag?post=5883"}],"curies":[{"name":"wp","href":"https:\/\/api.w.org\/{rel}","templated":true}]}}