{"id":5805,"date":"2019-09-16T15:19:35","date_gmt":"2017-11-16T15:19:35","guid":{"rendered":"https:\/\/www.imaxesdaterra.com\/tienda\/porto-deportivo-marina-coruna\/"},"modified":"2022-03-03T17:05:39","modified_gmt":"2022-03-03T17:05:39","slug":"porto-deportivo-marina-coruna","status":"publish","type":"product","link":"https:\/\/www.imaxesdaterra.com\/gl\/tenda\/porto-deportivo-marina-coruna\/","title":{"rendered":"Porto Deportivo Marina A Coru\u00f1a"},"content":{"rendered":"<p>A Mari\u00f1a en calma espera tranquila os primeiros movementos do d\u00eda que apenas comeza a andar. O ceo despexado e as ondas suaves moven as embarcaci\u00f3ns. Dous elementos que nos brindan unha sensaci\u00f3n de calma acompa\u00f1ada de aroma de mar. Unha panor\u00e1mica que nos transporta a unha de tantas ma\u00f1\u00e1s tranquilas no n\u00e1utico da Coru\u00f1a en Galicia.<\/p>\n<p>Fotograf\u00eda da fachada das galer\u00edas e o n\u00e1utico da Coru\u00f1a. Unha imaxe chea das cores do novo d\u00eda que re\u00fane \u00e1s embarcaci\u00f3ns no porto deportivo e que mostra de fronte ao mar as galer\u00edas coas s\u00faas fachadas brancas de teitos vermellos. A brisa mari\u00f1a da ma\u00f1\u00e1 move a superficie do mar en pequenas ondulaciones e na superficie ax\u00edtanse as embarcaci\u00f3ns.<\/p>\n<hr \/>\n<p class=\"p1\"><strong>Pedidos<\/strong><\/p>\n<p class=\"p1\">1. Selecciona o tama\u00f1o desexado.<\/p>\n<p class=\"p1\">2. Revisa os detalles dos soportes &gt;&gt;\u00a0\u00a0<span style=\"color: #33cccc;\"><a style=\"color: #33cccc;\" href=\"https:\/\/www.imaxesdaterra.com\/gal\/soportes\/\" target=\"_blank\" rel=\"noopener noreferrer\"><span class=\"s1\">VER SOPORTES<\/span><\/a><\/span><\/p>\n<p class=\"p1\">3. Selecciona o soporte que m\u00e1is che guste.<\/p>\n<p class=\"p1\">4. Selecciona a cantidade.<\/p>\n<p class=\"p1\">5. Engadir ao carri\u00f1o.<\/p>\n<p class=\"p1\"><strong>Transporte<\/strong><\/p>\n<p class=\"p1\">Revisa os detalles de transporte e impostos\u00a0&gt;&gt;\u00a0<span style=\"color: #33cccc;\"><a style=\"color: #33cccc;\" href=\"https:\/\/www.imaxesdaterra.com\/gal\/transporte\/\" target=\"_blank\" rel=\"noopener noreferrer\"><span class=\"s1\">VER TRANSPORTE<\/span><\/a><\/span><\/p>\n","protected":false},"excerpt":{"rendered":"<p>A Mari\u00f1a en calma espera tranquila os primeiros movementos do d\u00eda que apenas comeza a andar. O ceo despexado e as ondas suaves moven as embarcaci\u00f3ns. Dous elementos que nos brindan unha sensaci\u00f3n de calma acompa\u00f1ada de aroma de mar. Unha panor\u00e1mica que nos transporta a unha de tantas ma\u00f1\u00e1s tranquilas no n\u00e1utico da Coru\u00f1a [&hellip;]<\/p>\n","protected":false},"featured_media":12471,"comment_status":"closed","ping_status":"closed","template":"","meta":{"jetpack_post_was_ever_published":false,"jetpack_publicize_message":"","jetpack_is_tweetstorm":false,"jetpack_publicize_feature_enabled":true,"jetpack_social_post_already_shared":true,"jetpack_social_options":{"image_generator_settings":{"template":"highway","enabled":false}}},"product_cat":[146],"product_tag":[127,128],"jetpack_publicize_connections":[],"jetpack_sharing_enabled":true,"_links":{"self":[{"href":"https:\/\/www.imaxesdaterra.com\/gl\/wp-json\/wp\/v2\/product\/5805"}],"collection":[{"href":"https:\/\/www.imaxesdaterra.com\/gl\/wp-json\/wp\/v2\/product"}],"about":[{"href":"https:\/\/www.imaxesdaterra.com\/gl\/wp-json\/wp\/v2\/types\/product"}],"replies":[{"embeddable":true,"href":"https:\/\/www.imaxesdaterra.com\/gl\/wp-json\/wp\/v2\/comments?post=5805"}],"wp:featuredmedia":[{"embeddable":true,"href":"https:\/\/www.imaxesdaterra.com\/gl\/wp-json\/wp\/v2\/media\/12471"}],"wp:attachment":[{"href":"https:\/\/www.imaxesdaterra.com\/gl\/wp-json\/wp\/v2\/media?parent=5805"}],"wp:term":[{"taxonomy":"product_cat","embeddable":true,"href":"https:\/\/www.imaxesdaterra.com\/gl\/wp-json\/wp\/v2\/product_cat?post=5805"},{"taxonomy":"product_tag","embeddable":true,"href":"https:\/\/www.imaxesdaterra.com\/gl\/wp-json\/wp\/v2\/product_tag?post=5805"}],"curies":[{"name":"wp","href":"https:\/\/api.w.org\/{rel}","templated":true}]}}