{"id":5766,"date":"2017-11-06T15:33:03","date_gmt":"2017-11-06T15:33:03","guid":{"rendered":"https:\/\/www.imaxesdaterra.com\/tienda\/escaleira-do-pobo-galego\/"},"modified":"2021-02-19T16:48:34","modified_gmt":"2021-02-19T16:48:34","slug":"escaleira-do-pobo-galego","status":"publish","type":"product","link":"https:\/\/www.imaxesdaterra.com\/gl\/tenda\/escaleira-do-pobo-galego\/","title":{"rendered":"Escaleira do Pobo Galego"},"content":{"rendered":"<p>Escaleira helicoidal do Museo do Pobo Galego. Ilusi\u00f3n do infinito. Bucles que se forman en cada un dos seus chanzos cheos de historia. A profundidade, a paz e a calma convidan a percorrer as s\u00faas fr\u00edas pedras. Galicia esperta emoci\u00f3ns, sensaci\u00f3ns e creatividade en cada un dos seus recunchos, onde ata o m\u00e1is sinxelo conv\u00e9rtese en algo marabilloso.<\/p>\n<p>Visi\u00f3n creativa da escaleira helicoidal do Museo do Pobo Galeno. Situado no Mosteiro de San Domingo de Bonaval en Santiago de Compostela, esta incrible escaleira #alzar e retorce de forma magn\u00edfica. Unha imaxe en branco e negro chea de agradecemento a San Domingo de Bonaval por poder realizar as fotograf\u00edas.<\/p>\n<hr \/>\n<p class=\"p1\"><strong>Pedidos<\/strong><\/p>\n<p class=\"p1\">1. Selecciona o tama\u00f1o desexado.<\/p>\n<p class=\"p1\">2. Revisa os detalles dos soportes >>\u00a0\u00a0<span style=\"color: #33cccc;\"><a style=\"color: #33cccc;\" href=\"https:\/\/www.imaxesdaterra.com\/gal\/soportes\/\" target=\"_blank\" rel=\"noopener noreferrer\"><span class=\"s1\">VER SOPORTES<\/span><\/a><\/span><\/p>\n<p class=\"p1\">3. Selecciona o soporte que m\u00e1is che guste.<\/p>\n<p class=\"p1\">4. Selecciona a cantidade.<\/p>\n<p class=\"p1\">5. Engadir ao carri\u00f1o.<\/p>\n<p class=\"p1\"><strong>Transporte<\/strong><\/p>\n<p class=\"p1\">Revisa os detalles de transporte e impostos. >>\u00a0<span style=\"color: #33cccc;\"><a style=\"color: #33cccc;\" href=\"https:\/\/www.imaxesdaterra.com\/gal\/transporte\/\" target=\"_blank\" rel=\"noopener noreferrer\"><span class=\"s1\">VER TRANSPORTE<\/span><\/a><\/span><\/p>\n","protected":false},"excerpt":{"rendered":"<p>Escaleira helicoidal do Museo do Pobo Galego. Ilusi\u00f3n do infinito. Bucles que se forman en cada un dos seus chanzos cheos de historia. A profundidade, a paz e a calma convidan a percorrer as s\u00faas fr\u00edas pedras. Galicia esperta emoci\u00f3ns, sensaci\u00f3ns e creatividade en cada un dos seus recunchos, onde ata o m\u00e1is sinxelo conv\u00e9rtese [&hellip;]<\/p>\n","protected":false},"featured_media":12504,"comment_status":"closed","ping_status":"closed","template":"","meta":{"jetpack_post_was_ever_published":false,"jetpack_publicize_message":"","jetpack_is_tweetstorm":false,"jetpack_publicize_feature_enabled":true,"jetpack_social_post_already_shared":true,"jetpack_social_options":{"image_generator_settings":{"template":"highway","enabled":false}}},"product_cat":[146,147],"product_tag":[151,128],"jetpack_publicize_connections":[],"jetpack_sharing_enabled":true,"_links":{"self":[{"href":"https:\/\/www.imaxesdaterra.com\/gl\/wp-json\/wp\/v2\/product\/5766"}],"collection":[{"href":"https:\/\/www.imaxesdaterra.com\/gl\/wp-json\/wp\/v2\/product"}],"about":[{"href":"https:\/\/www.imaxesdaterra.com\/gl\/wp-json\/wp\/v2\/types\/product"}],"replies":[{"embeddable":true,"href":"https:\/\/www.imaxesdaterra.com\/gl\/wp-json\/wp\/v2\/comments?post=5766"}],"wp:featuredmedia":[{"embeddable":true,"href":"https:\/\/www.imaxesdaterra.com\/gl\/wp-json\/wp\/v2\/media\/12504"}],"wp:attachment":[{"href":"https:\/\/www.imaxesdaterra.com\/gl\/wp-json\/wp\/v2\/media?parent=5766"}],"wp:term":[{"taxonomy":"product_cat","embeddable":true,"href":"https:\/\/www.imaxesdaterra.com\/gl\/wp-json\/wp\/v2\/product_cat?post=5766"},{"taxonomy":"product_tag","embeddable":true,"href":"https:\/\/www.imaxesdaterra.com\/gl\/wp-json\/wp\/v2\/product_tag?post=5766"}],"curies":[{"name":"wp","href":"https:\/\/api.w.org\/{rel}","templated":true}]}}