{"id":5519,"date":"2017-11-14T07:46:17","date_gmt":"2017-11-14T07:46:17","guid":{"rendered":"https:\/\/www.imaxesdaterra.com\/tienda\/rapa-das-bestas-candaoso-viveiro\/"},"modified":"2018-01-15T10:38:11","modified_gmt":"2018-01-15T10:38:11","slug":"rapa-das-bestas-candaoso-viveiro","status":"publish","type":"product","link":"https:\/\/www.imaxesdaterra.com\/gl\/tenda\/rapa-das-bestas-candaoso-viveiro\/","title":{"rendered":"Rapa das Bestas de Candaoso en Viveiro"},"content":{"rendered":"<p>Expectaci\u00f3n, enerx\u00eda, fiereza. Comezou r\u00e1pa d\u00e1s Bestas de Candaoso en Viveiro. Unha celebraci\u00f3n onde cada unha das bestas m\u00eddese en tama\u00f1o, forza e axilidade, deixando suspiros por onde pasan. Os habitantes de Viveiro re\u00fanense para observar este espect\u00e1culo anual que convida o turismo en Galicia, como outra das s\u00faas marabillas ocultas.<\/p>\n<p>R\u00e1pa d\u00e1s Bestas Candaoso en Viveiro \u00e9 unha festa de interese Tur\u00edstico Nacional que leva a cabo na parroquia de San Andr\u00e9s de Boimente en Viveiro cando comeza o mes de xullo e chega o ver\u00e1n. Fotograf\u00eda do Curro en plena acci\u00f3n.<\/p>\n<hr \/>\n<p class=\"p1\"><strong>Pedidos<\/strong><\/p>\n<p class=\"p1\">1. Selecciona o tama\u00f1o desexado.<\/p>\n<p class=\"p1\">2. Revisa os detalles dos soportes ( FineArt, Lenzo o Metacrilato ) >>\u00a0\u00a0<span style=\"color: #33cccc;\"><a style=\"color: #33cccc;\" href=\"http:\/\/www.imaxesdaterra.com\/gal\/soportes\/\" target=\"_blank\" rel=\"noopener noreferrer\"><span class=\"s1\">VER SOPORTES<\/span><\/a><\/span><\/p>\n<p class=\"p1\">3. Selecciona o soporte que m\u00e1is che guste.<\/p>\n<p class=\"p1\">4. Selecciona a cantidade.<\/p>\n<p class=\"p1\">5. Engadir ao carri\u00f1o.<\/p>\n<p class=\"p1\"><strong>Transporte<\/strong><\/p>\n<p class=\"p1\">Revisa os detalles de transporte e impostos. >><span style=\"color: #33cccc;\">\u00a0<a style=\"color: #33cccc;\" href=\"http:\/\/www.imaxesdaterra.com\/gal\/transporte\/\" target=\"_blank\" rel=\"noopener noreferrer\"><span class=\"s1\">VER TRANSPORTE<\/span><\/a><\/span><\/p>\n","protected":false},"excerpt":{"rendered":"<p>Expectaci\u00f3n, enerx\u00eda, fiereza. Comezou r\u00e1pa d\u00e1s Bestas de Candaoso en Viveiro. Unha celebraci\u00f3n onde cada unha das bestas m\u00eddese en tama\u00f1o, forza e axilidade, deixando suspiros por onde pasan. Os habitantes de Viveiro re\u00fanense para observar este espect\u00e1culo anual que convida o turismo en Galicia, como outra das s\u00faas marabillas ocultas. R\u00e1pa d\u00e1s Bestas Candaoso [&hellip;]<\/p>\n","protected":false},"featured_media":4461,"comment_status":"closed","ping_status":"closed","template":"","meta":{"jetpack_post_was_ever_published":false,"jetpack_publicize_message":"","jetpack_is_tweetstorm":false,"jetpack_publicize_feature_enabled":true,"jetpack_social_post_already_shared":true,"jetpack_social_options":{"image_generator_settings":{"template":"highway","enabled":false}}},"product_cat":[126],"product_tag":[128,145],"jetpack_publicize_connections":[],"jetpack_sharing_enabled":true,"_links":{"self":[{"href":"https:\/\/www.imaxesdaterra.com\/gl\/wp-json\/wp\/v2\/product\/5519"}],"collection":[{"href":"https:\/\/www.imaxesdaterra.com\/gl\/wp-json\/wp\/v2\/product"}],"about":[{"href":"https:\/\/www.imaxesdaterra.com\/gl\/wp-json\/wp\/v2\/types\/product"}],"replies":[{"embeddable":true,"href":"https:\/\/www.imaxesdaterra.com\/gl\/wp-json\/wp\/v2\/comments?post=5519"}],"wp:featuredmedia":[{"embeddable":true,"href":"https:\/\/www.imaxesdaterra.com\/gl\/wp-json\/wp\/v2\/media\/4461"}],"wp:attachment":[{"href":"https:\/\/www.imaxesdaterra.com\/gl\/wp-json\/wp\/v2\/media?parent=5519"}],"wp:term":[{"taxonomy":"product_cat","embeddable":true,"href":"https:\/\/www.imaxesdaterra.com\/gl\/wp-json\/wp\/v2\/product_cat?post=5519"},{"taxonomy":"product_tag","embeddable":true,"href":"https:\/\/www.imaxesdaterra.com\/gl\/wp-json\/wp\/v2\/product_tag?post=5519"}],"curies":[{"name":"wp","href":"https:\/\/api.w.org\/{rel}","templated":true}]}}